{"id":67445,"date":"2025-09-17T17:08:40","date_gmt":"2025-09-17T20:08:40","guid":{"rendered":"https:\/\/fmradiocultura.com.ar\/site2025\/?page_id=67445"},"modified":"2025-09-17T17:16:04","modified_gmt":"2025-09-17T20:16:04","slug":"pauta-comercial","status":"publish","type":"page","link":"https:\/\/fmradiocultura.com.ar\/site2025\/pauta-comercial\/","title":{"rendered":"Pauta Comercial"},"content":{"rendered":"\t\t<div data-elementor-type=\"wp-page\" data-elementor-id=\"67445\" class=\"elementor elementor-67445\">\n\t\t\t\t\t\t<section class=\"has-el-gap el-gap-default elementor-section elementor-top-section elementor-element elementor-element-8201328 elementor-section-boxed elementor-section-height-default elementor-section-height-default\" data-id=\"8201328\" data-element_type=\"section\" data-e-type=\"section\">\n\t\t\t\t\t\t<div class=\"elementor-container elementor-column-gap-no\">\n\t\t\t\t\t<div class=\"elementor-column elementor-col-100 elementor-top-column elementor-element elementor-element-30d2f7f\" data-id=\"30d2f7f\" data-element_type=\"column\" data-e-type=\"column\">\n\t\t\t<div class=\"elementor-widget-wrap elementor-element-populated\">\n\t\t\t\t\t\t<div class=\"elementor-element elementor-element-98f628c elementor-widget elementor-widget-heading\" data-id=\"98f628c\" data-element_type=\"widget\" data-e-type=\"widget\" data-widget_type=\"heading.default\">\n\t\t\t\t<div class=\"elementor-widget-container\">\n\t\t\t\t\t<h1 class=\"elementor-heading-title elementor-size-default\">Pauta comercial Radio cultura <\/h1>\t\t\t\t<\/div>\n\t\t\t\t<\/div>\n\t\t\t\t<div class=\"elementor-element elementor-element-77c55f5 elementor-widget elementor-widget-text-editor\" data-id=\"77c55f5\" data-element_type=\"widget\" data-e-type=\"widget\" data-widget_type=\"text-editor.default\">\n\t\t\t\t<div class=\"elementor-widget-container\">\n\t\t\t\t\t\t\t\t\t<p><u style=\"font-family: inherit;\">Plan peque\u00f1os anunciantes<\/u><\/p><p>&#8211; 1 spot grabado por los locutores de la radio con el aviso publicitario<\/p><p>&#8211; 1 placa para redes sociales enviada por el anunciante o por nosotros confeccionada.<\/p><p>&#8211; 1 sorteo de productos o servicios del anunciante en redes sociales (opcional)<\/p><p>&#8211; publicidad rotativa en la radio y en apertura y cierre de los siguientes programas:<\/p><p>Voces y estrellas de Sandra Sandrini.<\/p><p>La Demare de Mar\u00eda Jos\u00e9 Demare.<\/p><p>Argentina en su cultura de Magdalena Faillace<\/p><p>Cultura en Imagen de Pablo De Vita.<\/p><p>&#8211; Un PNT en cada programa, 1 entrevista en 1 programa acorde a las caracter\u00edsticas del producto o servicio y 1 publinota en la p\u00e1gina web de la radio.<\/p><p>pauta de car\u00e1cter quincenal<\/p><p>$ 500.000 pesos<\/p><p>$ 250.000 pesos semanal<\/p><p>\u00a0<\/p><p><u>Plan empresas<\/u><\/p><p>Opciones:<\/p><p>RADIO CULTURA \u2013 Se emite por www.fmradiocultura.com.ar<\/p><p>Estamos ubicados en Guido 1566, casi esquina Parera, en el coraz\u00f3n de Recoleta con estudios con vista a la calle.<\/p><p>Servicios:<\/p><p>ESTUDIOS CON TV Y AIRE ACONDICIONADO FRIO\/CALOR &#8211; 4 MICROFONOS<\/p><p>VIDEOS LLAMADAS POR ZOOM, WHATSAPP EN CALIDAD HD<\/p><p>MENSAJES POR WHATSAPP DE NUESTROS OYENTES<\/p><p>SALA DE PRODUCCION<\/p><p>DOS COMPUTADORAS (1 ADENTRO DEL ESTUDIO y UNA PARA LA PRODUCCION)<\/p><p>WIFI<\/p><p>DISPENSER DE AGUA FRIA Y CALIENTE<\/p><p>OPERADOR TECNICO<\/p><p>EQUIPO DE REDACCION PARA SHORTS DE YOUTUBE, HISTORIAS DE IG y PUBLICACIONES EN NUESTRAS REDES SOCIALES<\/p><p>SITIOS WEB CON CONTENIDO PROPIO<\/p><p>APLICACI\u00d3N PARA DISPOSITIVO MOVIL (ANDROID E IOS)<\/p><p>GRAFICA PARA WEB Y REDES DE LA RADIO<\/p><p>HISTORIA EN INSTAGRAM DE CADA NUEVA EMISION<\/p><p>SERVICIOS DE ARTISTICAS<\/p><p>YouTube, Twitch de cada emisora con emisi\u00f3n en vivo.<\/p><p>Producci\u00f3n General de la radio y acompa\u00f1amiento a tiempo completo.<\/p><p>Invitaci\u00f3n a participar de diversos eventos del inter\u00e9s de la comunidad de Radio Cultura.<\/p><p>COSTOS:<\/p><p>Los precios son en todos los casos a pagarse en forma mensual anticipado, contado efectivo en la emisora o por transferencia bancaria.<\/p><p>Precios mensuales, finales de contado efectivo, sean 4 o 5 d\u00edas al mes y\/o feriados.<\/p><p>Los horarios y precios para comenzar en julio son:<\/p><p>Por una hora $260.000 por mes.<\/p><p>Por dos horas promoci\u00f3n ($500.000 mensuales) m\u00e1s IVA.<\/p><p>Acuerdos especiales se pueden ajustar en la entrevista personal previa a la firma del contrato.<\/p><p>Valores para conversar de acuerdo con los valores de oportunidad del producto.<\/p><p>Para poder avanzar pod\u00e9s consultar lo que gustes por esta v\u00eda.<\/p><p>PODCAST:<\/p><p>Adem\u00e1s del horario en vivo el programa se repite una vez m\u00e1s dentro de la semana. Asimismo, los programas se suben a la p\u00e1gina de la radio como podcast. Adem\u00e1s contenidos especiales se suben a nuestro canal de Spotify.<\/p><p>\u00a1Gracias por su inter\u00e9s en Radio Cultura, sin\u00f3nimo de prestigio y calidad !<\/p><p><u>Plan profesionales<\/u><\/p><p>Ten tu programa en Radio Cultura<\/p><p>Hola!<\/p><p>Gracias por tu inter\u00e9s en RADIO CULTURA. Tenemos nuestra emisora m\u00e1s nuestro portal de noticias y contenidos. Cumplimos 35 a\u00f1os ininterrumpidos en el mercado argentino con un producto de calidad y reconocido en nuestro pa\u00eds.<\/p><p>Opciones:<\/p><p>RADIO CULTURA \u2013 Se emite por www.fmradiocultura.com.ar<\/p><p>Estamos ubicados en Guido 1566, casi esquina Parera, en el coraz\u00f3n de Recoleta con estudios con vistas a la calle.<\/p><p>Servicios:<\/p><p>ESTUDIOS CON TV Y AIRE ACONDICIONADO FRIO\/CALOR &#8211; 4 MICROFONOS<\/p><p>VIDEOS LLAMADAS POR ZOOM, WHATSAPP EN CALIDAD HD<\/p><p>MENSAJES POR WHATSAPP DE NUESTROS OYENTES<\/p><p>SALA DE PRODUCCION<\/p><p>DOS COMPUTADORAS (1 ADENTRO DEL ESTUDIO y UNA PARA LA PRODUCCION)<\/p><p>WIFI<\/p><p>DISPENSER DE AGUA FRIA Y CALIENTE<\/p><p>OPERADOR TECNICO<\/p><p>EQUIPO DE REDACCION PARA SHORTS DE YOUTUBE, HISTORIAS DE IG y PUBLICACIONES EN NUESTRAS REDES SOCIALES<\/p><p>SITIOS WEB CON CONTENIDO PROPIO<\/p><p>APLICACI\u00d3N PARA DISPOSITIVO MOVIL (ANDROID E IOS)<\/p><p>GRAFICA PARA WEB Y REDES DE LA RADIO<\/p><p>HISTORIA EN INSTAGRAM DE CADA NUEVA EMISION<\/p><p>SERVICIOS DE ARTISTICAS<\/p><p>YouTube, Twitch de cada emisora con emisi\u00f3n en vivo.<\/p><p>Producci\u00f3n General de la radio y acompa\u00f1amiento a tiempo completo.<\/p><p>Invitaci\u00f3n a participar de diversos eventos del inter\u00e9s de la comunidad de Radio Cultura.<\/p><p>COSTOS:<\/p><p>Los precios son en todos los casos a pagarse en forma mensual anticipado, contado efectivo en la emisora o por transferencia bancaria.<\/p><p>Precios mensuales, finales de contado efectivo, sean 4 o 5 d\u00edas al mes y\/o feriados.<\/p><p>Los horarios y precios para comenzar en octubre son:<\/p><p>Por una hora $170.000 por mes.<\/p><p>Por dos horas promoci\u00f3n ($250.000 mensuales) m\u00e1s IVA.<\/p><p>Acuerdos especiales se pueden ajustar en la entrevista personal previa a la firma del contrato.<\/p><p>Valores para conversar de acuerdo con los valores de oportunidad del producto.<\/p><p>Para poder avanzar pod\u00e9s consultar lo que gustes por esta v\u00eda.<\/p><p>PODCAST:<\/p><p>Adem\u00e1s del horario en vivo el programa se repite una vez m\u00e1s dentro de la semana. Asimismo, los programas se suben a la p\u00e1gina de la radio como podcast. Adem\u00e1s contenidos especiales se suben a nuestro canal de Spotify.<\/p><p>\u00a1Gracias por su inter\u00e9s en Radio Cultura, sin\u00f3nimo de prestigio y calidad !<\/p>\t\t\t\t\t\t\t\t<\/div>\n\t\t\t\t<\/div>\n\t\t\t\t\t<\/div>\n\t\t<\/div>\n\t\t\t\t\t<\/div>\n\t\t<\/section>\n\t\t\t\t<\/div>\n\t\t","protected":false},"excerpt":{"rendered":"<p>Pauta comercial Radio cultura Plan peque\u00f1os anunciantes &#8211; 1 spot grabado por los locutores de la radio con el aviso publicitario &#8211; 1 placa para redes sociales enviada por el anunciante o por nosotros confeccionada. &#8211; 1 sorteo de productos o servicios del anunciante en redes sociales (opcional) &#8211; publicidad rotativa en la radio y<\/p>\n","protected":false},"author":1,"featured_media":0,"parent":0,"menu_order":0,"comment_status":"closed","ping_status":"closed","template":"page-templates\/no-wrapper.php","meta":{"footnotes":""},"class_list":["post-67445","page","type-page","status-publish"],"yoast_head":"<!-- This site is optimized with the Yoast SEO plugin v27.2 - https:\/\/yoast.com\/product\/yoast-seo-wordpress\/ -->\n<title>Pauta Comercial &#8211; Radio Cultura<\/title>\n<meta name=\"robots\" content=\"noindex, follow, max-snippet:-1, max-image-preview:large, max-video-preview:-1\" \/>\n<meta property=\"og:locale\" content=\"es_ES\" \/>\n<meta property=\"og:type\" content=\"article\" \/>\n<meta property=\"og:title\" content=\"Pauta Comercial &#8211; Radio Cultura\" \/>\n<meta property=\"og:description\" content=\"Pauta comercial Radio cultura Plan peque\u00f1os anunciantes &#8211; 1 spot grabado por los locutores de la radio con el aviso publicitario &#8211; 1 placa para redes sociales enviada por el anunciante o por nosotros confeccionada. &#8211; 1 sorteo de productos o servicios del anunciante en redes sociales (opcional) &#8211; publicidad rotativa en la radio y\" \/>\n<meta property=\"og:url\" content=\"https:\/\/fmradiocultura.com.ar\/site2025\/pauta-comercial\/\" \/>\n<meta property=\"og:site_name\" content=\"Radio Cultura\" \/>\n<meta property=\"article:publisher\" content=\"https:\/\/www.facebook.com\/radioculturaba\/\" \/>\n<meta property=\"article:modified_time\" content=\"2025-09-17T20:16:04+00:00\" \/>\n<meta name=\"twitter:card\" content=\"summary_large_image\" \/>\n<meta name=\"twitter:site\" content=\"@radioculturaba\" \/>\n<meta name=\"twitter:label1\" content=\"Tiempo de lectura\" \/>\n\t<meta name=\"twitter:data1\" content=\"4 minutos\" \/>\n<script type=\"application\/ld+json\" class=\"yoast-schema-graph\">{\"@context\":\"https:\/\/schema.org\",\"@graph\":[{\"@type\":\"WebPage\",\"@id\":\"https:\/\/fmradiocultura.com.ar\/site2025\/pauta-comercial\/\",\"url\":\"https:\/\/fmradiocultura.com.ar\/site2025\/pauta-comercial\/\",\"name\":\"Pauta Comercial &#8211; Radio Cultura\",\"isPartOf\":{\"@id\":\"https:\/\/fmradiocultura.com.ar\/site2025\/#website\"},\"datePublished\":\"2025-09-17T20:08:40+00:00\",\"dateModified\":\"2025-09-17T20:16:04+00:00\",\"breadcrumb\":{\"@id\":\"https:\/\/fmradiocultura.com.ar\/site2025\/pauta-comercial\/#breadcrumb\"},\"inLanguage\":\"es\",\"potentialAction\":[{\"@type\":\"ReadAction\",\"target\":[\"https:\/\/fmradiocultura.com.ar\/site2025\/pauta-comercial\/\"]}]},{\"@type\":\"BreadcrumbList\",\"@id\":\"https:\/\/fmradiocultura.com.ar\/site2025\/pauta-comercial\/#breadcrumb\",\"itemListElement\":[{\"@type\":\"ListItem\",\"position\":1,\"name\":\"Portada\",\"item\":\"https:\/\/fmradiocultura.com.ar\/site2025\/\"},{\"@type\":\"ListItem\",\"position\":2,\"name\":\"Pauta Comercial\"}]},{\"@type\":\"WebSite\",\"@id\":\"https:\/\/fmradiocultura.com.ar\/site2025\/#website\",\"url\":\"https:\/\/fmradiocultura.com.ar\/site2025\/\",\"name\":\"Radio Cultura\",\"description\":\"Es un medio independiente que busca difundir arte, cultura y turismo cultural al mundo hispanohablante.\",\"publisher\":{\"@id\":\"https:\/\/fmradiocultura.com.ar\/site2025\/#organization\"},\"alternateName\":\"fmradiocultura.com.ar\",\"potentialAction\":[{\"@type\":\"SearchAction\",\"target\":{\"@type\":\"EntryPoint\",\"urlTemplate\":\"https:\/\/fmradiocultura.com.ar\/site2025\/?s={search_term_string}\"},\"query-input\":{\"@type\":\"PropertyValueSpecification\",\"valueRequired\":true,\"valueName\":\"search_term_string\"}}],\"inLanguage\":\"es\"},{\"@type\":\"Organization\",\"@id\":\"https:\/\/fmradiocultura.com.ar\/site2025\/#organization\",\"name\":\"Radio Cultura\",\"alternateName\":\"fmradiocultura.com.ar\",\"url\":\"https:\/\/fmradiocultura.com.ar\/site2025\/\",\"logo\":{\"@type\":\"ImageObject\",\"inLanguage\":\"es\",\"@id\":\"https:\/\/fmradiocultura.com.ar\/site2025\/#\/schema\/logo\/image\/\",\"url\":\"https:\/\/fmradiocultura.com.ar\/site2025\/wp-content\/uploads\/2025\/06\/Logo-RC-ok-1080x1080-vertical.jpg\",\"contentUrl\":\"https:\/\/fmradiocultura.com.ar\/site2025\/wp-content\/uploads\/2025\/06\/Logo-RC-ok-1080x1080-vertical.jpg\",\"width\":1080,\"height\":1080,\"caption\":\"Radio Cultura\"},\"image\":{\"@id\":\"https:\/\/fmradiocultura.com.ar\/site2025\/#\/schema\/logo\/image\/\"},\"sameAs\":[\"https:\/\/www.facebook.com\/radioculturaba\/\",\"https:\/\/x.com\/radioculturaba\",\"https:\/\/www.instagram.com\/radioculturaba\"]}]}<\/script>\n<!-- \/ Yoast SEO plugin. -->","yoast_head_json":{"title":"Pauta Comercial &#8211; Radio Cultura","robots":{"index":"noindex","follow":"follow","max-snippet":"max-snippet:-1","max-image-preview":"max-image-preview:large","max-video-preview":"max-video-preview:-1"},"og_locale":"es_ES","og_type":"article","og_title":"Pauta Comercial &#8211; Radio Cultura","og_description":"Pauta comercial Radio cultura Plan peque\u00f1os anunciantes &#8211; 1 spot grabado por los locutores de la radio con el aviso publicitario &#8211; 1 placa para redes sociales enviada por el anunciante o por nosotros confeccionada. &#8211; 1 sorteo de productos o servicios del anunciante en redes sociales (opcional) &#8211; publicidad rotativa en la radio y","og_url":"https:\/\/fmradiocultura.com.ar\/site2025\/pauta-comercial\/","og_site_name":"Radio Cultura","article_publisher":"https:\/\/www.facebook.com\/radioculturaba\/","article_modified_time":"2025-09-17T20:16:04+00:00","twitter_card":"summary_large_image","twitter_site":"@radioculturaba","twitter_misc":{"Tiempo de lectura":"4 minutos"},"schema":{"@context":"https:\/\/schema.org","@graph":[{"@type":"WebPage","@id":"https:\/\/fmradiocultura.com.ar\/site2025\/pauta-comercial\/","url":"https:\/\/fmradiocultura.com.ar\/site2025\/pauta-comercial\/","name":"Pauta Comercial &#8211; Radio Cultura","isPartOf":{"@id":"https:\/\/fmradiocultura.com.ar\/site2025\/#website"},"datePublished":"2025-09-17T20:08:40+00:00","dateModified":"2025-09-17T20:16:04+00:00","breadcrumb":{"@id":"https:\/\/fmradiocultura.com.ar\/site2025\/pauta-comercial\/#breadcrumb"},"inLanguage":"es","potentialAction":[{"@type":"ReadAction","target":["https:\/\/fmradiocultura.com.ar\/site2025\/pauta-comercial\/"]}]},{"@type":"BreadcrumbList","@id":"https:\/\/fmradiocultura.com.ar\/site2025\/pauta-comercial\/#breadcrumb","itemListElement":[{"@type":"ListItem","position":1,"name":"Portada","item":"https:\/\/fmradiocultura.com.ar\/site2025\/"},{"@type":"ListItem","position":2,"name":"Pauta Comercial"}]},{"@type":"WebSite","@id":"https:\/\/fmradiocultura.com.ar\/site2025\/#website","url":"https:\/\/fmradiocultura.com.ar\/site2025\/","name":"Radio Cultura","description":"Es un medio independiente que busca difundir arte, cultura y turismo cultural al mundo hispanohablante.","publisher":{"@id":"https:\/\/fmradiocultura.com.ar\/site2025\/#organization"},"alternateName":"fmradiocultura.com.ar","potentialAction":[{"@type":"SearchAction","target":{"@type":"EntryPoint","urlTemplate":"https:\/\/fmradiocultura.com.ar\/site2025\/?s={search_term_string}"},"query-input":{"@type":"PropertyValueSpecification","valueRequired":true,"valueName":"search_term_string"}}],"inLanguage":"es"},{"@type":"Organization","@id":"https:\/\/fmradiocultura.com.ar\/site2025\/#organization","name":"Radio Cultura","alternateName":"fmradiocultura.com.ar","url":"https:\/\/fmradiocultura.com.ar\/site2025\/","logo":{"@type":"ImageObject","inLanguage":"es","@id":"https:\/\/fmradiocultura.com.ar\/site2025\/#\/schema\/logo\/image\/","url":"https:\/\/fmradiocultura.com.ar\/site2025\/wp-content\/uploads\/2025\/06\/Logo-RC-ok-1080x1080-vertical.jpg","contentUrl":"https:\/\/fmradiocultura.com.ar\/site2025\/wp-content\/uploads\/2025\/06\/Logo-RC-ok-1080x1080-vertical.jpg","width":1080,"height":1080,"caption":"Radio Cultura"},"image":{"@id":"https:\/\/fmradiocultura.com.ar\/site2025\/#\/schema\/logo\/image\/"},"sameAs":["https:\/\/www.facebook.com\/radioculturaba\/","https:\/\/x.com\/radioculturaba","https:\/\/www.instagram.com\/radioculturaba"]}]}},"_links":{"self":[{"href":"https:\/\/fmradiocultura.com.ar\/site2025\/wp-json\/wp\/v2\/pages\/67445","targetHints":{"allow":["GET"]}}],"collection":[{"href":"https:\/\/fmradiocultura.com.ar\/site2025\/wp-json\/wp\/v2\/pages"}],"about":[{"href":"https:\/\/fmradiocultura.com.ar\/site2025\/wp-json\/wp\/v2\/types\/page"}],"author":[{"embeddable":true,"href":"https:\/\/fmradiocultura.com.ar\/site2025\/wp-json\/wp\/v2\/users\/1"}],"replies":[{"embeddable":true,"href":"https:\/\/fmradiocultura.com.ar\/site2025\/wp-json\/wp\/v2\/comments?post=67445"}],"version-history":[{"count":7,"href":"https:\/\/fmradiocultura.com.ar\/site2025\/wp-json\/wp\/v2\/pages\/67445\/revisions"}],"predecessor-version":[{"id":67457,"href":"https:\/\/fmradiocultura.com.ar\/site2025\/wp-json\/wp\/v2\/pages\/67445\/revisions\/67457"}],"wp:attachment":[{"href":"https:\/\/fmradiocultura.com.ar\/site2025\/wp-json\/wp\/v2\/media?parent=67445"}],"curies":[{"name":"wp","href":"https:\/\/api.w.org\/{rel}","templated":true}]}}